{"version":"1.0","provider_name":"Fast Fitt","provider_url":"https:\/\/konditerem.cafeblog.hu","author_name":"N\u00e9meth Attila","author_url":"https:\/\/konditerem.cafeblog.hu\/author\/attila-nemethringier-hu\/","title":"A boldogs\u00e1g v\u00e1laszthat\u00f3!","html":"<strong>\"Az emberek t\u00f6bbs\u00e9ge 25 \u00e9vesen meghal, de csak 75 \u00e9vesen temetik el.\"<\/strong>\r\n<p style=\"text-align: center\"><a href=\"https:\/\/konditerem.cafeblog.hu\/files\/2013\/12\/old-people.jpg\"><img class=\"size-medium wp-image-50 aligncenter\" alt=\"old people\" src=\"https:\/\/konditerem.cafeblog.hu\/files\/2013\/12\/old-people-300x150.jpg\" width=\"300\" height=\"150\" \/><\/a><\/p>\r\n<strong> Ma reggel olvastam valahol ezt az id\u00e9zetet, s az\u00f3ta nem megy ki a fejemb\u0151l. Azt hiszem az\u00e9rt, mert igaz. N\u00e9h\u00e1ny \u00e9ve egy ausztr\u00e1l \u00e1pol\u00f3n\u0151 \u00f6sszegy\u0171jt\u00f6tte, hogy a haldokl\u00f3k mit b\u00e1ntak legink\u00e1bb \u00e9let\u00fck v\u00e9g\u00e9n:<\/strong>\r\n<strong> \" Amikor az ember \u00e9lete v\u00e9g\u00e9hez k\u00f6zeledik, \u00e9s \u0151szint\u00e9n visszatekint, szembes\u00fcl vele, hogy mennyi \u00e1lm\u00e1t nem teljes\u00edtette be. A legt\u00f6bb ember m\u00e9g \u00e1lmai fel\u00e9t sem v\u00e1ltotta val\u00f3ra, \u00e9s tudat\u00e1ban van annak, hogy ez a saj\u00e1t d\u00f6nt\u00e9seinek k\u00f6vetkezm\u00e9nye\" - \u00edrja a n\u0151v\u00e9r a blogj\u00e1n.<\/strong>\r\n\r\n&nbsp;\r\n\r\n<strong>A f\u00e9rfiak t\u00f6bbs\u00e9ge sajn\u00e1lta, hogy \u00e9lete nagy r\u00e9sz\u00e9t egy olyan munka tapos\u00f3malm\u00e1ban t\u00f6lt\u00f6tte, amelyet nem is szeretett. M\u00e1sok azt b\u00e1nt\u00e1k, hogy a konfliktusok elker\u00fcl\u00e9se miatt elnyomt\u00e1k a saj\u00e1t \u00e9rz\u00e9seiket, k\u00f6z\u00e9pszer\u0171, keser\u0171 \u00e9letet \u00e9ltek, amely a betegs\u00e9g\u00fck kialakul\u00e1s\u00e1ban is szerepet j\u00e1tszott.<\/strong>\r\n\r\n&nbsp;\r\n<p style=\"text-align: left\"><a href=\"https:\/\/konditerem.cafeblog.hu\/files\/2013\/12\/voltaire.jpg\"><img class=\"size-medium wp-image-56 aligncenter\" alt=\"voltaire\" src=\"https:\/\/konditerem.cafeblog.hu\/files\/2013\/12\/voltaire-218x300.jpg\" width=\"218\" height=\"300\" \/><\/a>\r\n<strong> \"Sokan csak \u00e9let\u00fck v\u00e9g\u00e9n ismerik fel, hogy a boldogs\u00e1g is v\u00e1laszt\u00e1s k\u00e9rd\u00e9se. \u00c9s ahelyett, hogy a boldogs\u00e1got v\u00e1lasztott\u00e1k volna, beleragadtak a r\u00e9gi mint\u00e1kba, szok\u00e1sba. A megszok\u00e1s mind az \u00e9rzelmi \u00e9letet, mind a fizikai l\u00e9tet k\u00e9pes k\u00f6z\u00e9pszer\u0171v\u00e9 tenni. A v\u00e1ltoz\u00e1st\u00f3l val\u00f3 f\u00e9lelem sokakat arra k\u00e9sztetett hogy magukkal \u00e9s m\u00e1sokkal is elhitess\u00e9k, hogy tulajdonk\u00e9ppen el\u00e9gedettek az \u00e9let\u00fckkel, mik\u00f6zben lelk\u00fck m\u00e9ly\u00e9n arra v\u00e1gyt\u00e1k, hogy \u00fajra bolondozhassanak, \u00e9s felszabadultan nevethessenek - olvashat\u00f3 a blogban.<\/strong>\r\n<strong> Nem \u00e9n mondom: A boldogs\u00e1g v\u00e1laszthat\u00f3!<\/strong><\/p>\r\n<p style=\"text-align: center\"><a href=\"https:\/\/konditerem.cafeblog.hu\/files\/2013\/12\/happyball.jpg\"><img class=\"size-medium wp-image-48 aligncenter\" alt=\"happyball\" src=\"https:\/\/konditerem.cafeblog.hu\/files\/2013\/12\/happyball-300x225.jpg\" width=\"300\" height=\"225\" \/><\/a><\/p>\r\n<strong> \u00c9ljetek, nevessetek, szeressetek, \u00e1lmodozzatok! Ha boldogok vagytok, mutass\u00e1tok ki, ossz\u00e1tok meg az \u00f6r\u00f6m\u00f6t\u00f6ket m\u00e1sokkal! Ha nem vagytok boldogok, v\u00e1ltoztassatok az \u00e9leteteken!<\/strong>\r\n<strong> Ne 75 \u00e9vesen j\u00f6jjetek r\u00e1, hogy val\u00f3j\u00e1ban m\u00e1r 50 \u00e9ve \u00e9l\u0151-halottak vagytok!<\/strong>","type":"rich","thumbnail_url":"https:\/\/konditerem.cafeblog.hu\/files\/2013\/12\/happyball-150x150.jpg","thumbnail_width":150,"thumbnail_height":150}